{"id":3297,"date":"2022-12-19T02:30:10","date_gmt":"2022-12-19T01:30:10","guid":{"rendered":"https:\/\/tobrcko.com\/news\/"},"modified":"2025-10-21T20:33:08","modified_gmt":"2025-10-21T18:33:08","slug":"news","status":"publish","type":"page","link":"https:\/\/tobrcko.com\/en\/news\/","title":{"rendered":"News"},"content":{"rendered":"\t\t<div data-elementor-type=\"wp-page\" data-elementor-id=\"3297\" class=\"elementor elementor-3297 elementor-27\">\n\t\t\t\t\t\t<section class=\"elementor-section elementor-top-section elementor-element elementor-element-15c24e5 elementor-section-full_width elementor-section-height-default elementor-section-height-default\" data-id=\"15c24e5\" data-element_type=\"section\" data-e-type=\"section\">\n\t\t\t\t\t\t<div class=\"elementor-container elementor-column-gap-default\">\n\t\t\t\t\t<div class=\"elementor-column elementor-col-100 elementor-top-column elementor-element elementor-element-5072785\" data-id=\"5072785\" data-element_type=\"column\" data-e-type=\"column\">\n\t\t\t<div class=\"elementor-widget-wrap elementor-element-populated\">\n\t\t\t\t\t\t<div class=\"elementor-element elementor-element-c198af0 elementor-widget elementor-widget-gva_post_breadcrumb\" data-id=\"c198af0\" data-element_type=\"widget\" data-e-type=\"widget\" data-widget_type=\"gva_post_breadcrumb.default\">\n\t\t\t\t<div class=\"elementor-widget-container\">\n\t\t\t\t\t<div class=\"gva-element-gva_post_breadcrumb gva-element\">   \r\n<div class=\"post-breadcrumb\">\r\n   <div class=\"custom-breadcrumb \" >\r\n            <div class=\"breadcrumb-main\">\r\n        <div class=\"container\">\r\n          <div class=\"breadcrumb-container-inner\">\r\n            <h2 class=\"heading-title\">November 4, 2023 planned seminar in the field of marketing in tourism<\/h2><ol class=\"breadcrumb\"><li><a href=\"https:\/\/tobrcko.com\/en\/\">Home<\/a> <\/li> <\/ol>          <\/div>  \r\n        <\/div>   \r\n      <\/div>  \r\n   <\/div>\r\n<\/div>      \r\n\r\n<\/div>\t\t\t\t<\/div>\n\t\t\t\t<\/div>\n\t\t\t\t\t<\/div>\n\t\t<\/div>\n\t\t\t\t\t<\/div>\n\t\t<\/section>\n\t\t\t\t<section class=\"elementor-section elementor-top-section elementor-element elementor-element-2ac74c4 elementor-section-boxed elementor-section-height-default elementor-section-height-default\" data-id=\"2ac74c4\" data-element_type=\"section\" data-e-type=\"section\">\n\t\t\t\t\t\t<div class=\"elementor-container elementor-column-gap-default\">\n\t\t\t\t\t<div class=\"elementor-column elementor-col-100 elementor-top-column elementor-element elementor-element-2d8cdf9\" data-id=\"2d8cdf9\" data-element_type=\"column\" data-e-type=\"column\">\n\t\t\t<div class=\"elementor-widget-wrap elementor-element-populated\">\n\t\t\t\t\t\t<div class=\"elementor-element elementor-element-9678132 elementor-widget elementor-widget-gva-posts\" data-id=\"9678132\" data-element_type=\"widget\" data-e-type=\"widget\" data-widget_type=\"gva-posts.default\">\n\t\t\t\t<div class=\"elementor-widget-container\">\n\t\t\t\t\t<div class=\"gva-element-gva-posts gva-element\">  \r\n  <div class=\"gva-posts-grid clearfix gva-posts\">\r\n\t\t<div class=\"gva-content-items\"> \r\n\t\t  <div class=\"lg-block-grid-3 md-block-grid-3 sm-block-grid-2 xs-block-grid-2 xx-block-grid-1\">\r\n\t\t\t <div class=\"item-columns\"><article class=\"post-9159 post type-post status-publish format-standard has-post-thumbnail hentry category-news\">\r\n   <div class=\"post post-one__single has-thumbnail\">\r\n      <div class=\"post-one__wrap\">\r\n         <div class=\"post-one__thumbnail\"><a href=\"https:\/\/tobrcko.com\/en\/holiday-magic-in-brcko\/\"><img fetchpriority=\"high\" decoding=\"async\" width=\"500\" height=\"360\" src=\"https:\/\/tobrcko.com\/wp-content\/uploads\/2025\/12\/IMG_0065-500x360.jpeg\" class=\"attachment-post-thumbnail size-post-thumbnail wp-post-image\" alt=\"Holiday Magic in Br\u010dko: New Year Photo Corner Now Open\" \/><\/a><div class=\"entry-date\"><span class=\"date\">23<\/span><span class=\"month\">Dec<\/span><\/div><\/div>       \r\n         <div class=\"post-one__content\">\r\n            <div class=\"post-one__category\"><span class=\"cat-links\"><a href=\"https:\/\/tobrcko.com\/en\/category\/news\/\" rel=\"category tag\">News<\/a><\/span><\/div>            <div class=\"post-one__content-inner\">\r\n               \r\n               <div class=\"post-one__meta\">\r\n                  <div class=\"clearfix meta-inline post-meta-1\"><span class=\"author vcard\"><i class=\"fas fa-user-circle\"><\/i>TO Br\u010dko distrikta<\/span><\/div>               <\/div> \r\n               <h3 class=\"post-one__title\"><a href=\"https:\/\/tobrcko.com\/en\/holiday-magic-in-brcko\/\" rel=\"bookmark\">Holiday Magic in Br\u010dko: New Year Photo Corner Now Open<\/a><\/h3>\r\n               <div class=\"post-one__desc\">The Tourism Organization of Br\u010dko District BiH has opened a New Year photo corner \u2013<\/div>               <div class=\"post-one__bottom\">\r\n                  <a class=\"post-one__read-more\" href=\"https:\/\/tobrcko.com\/en\/holiday-magic-in-brcko\/\">\r\n                    Op\u0161irnije                    <i class=\"fa-solid fa-arrow-right\"><\/i>\r\n                  <\/a>\r\n               <\/div>\r\n            <\/div>\r\n         <\/div>\r\n      <\/div>   \r\n   <\/div>   \r\n<\/article><\/div><div class=\"item-columns\"><article class=\"post-8504 post type-post status-publish format-standard has-post-thumbnail hentry category-news\">\r\n   <div class=\"post post-one__single has-thumbnail\">\r\n      <div class=\"post-one__wrap\">\r\n         <div class=\"post-one__thumbnail\"><a href=\"https:\/\/tobrcko.com\/en\/tourist-organization-of-brcko-district-bih-at-the-29th-international-trade-fair-in-brcko-2\/\"><img decoding=\"async\" width=\"500\" height=\"360\" src=\"https:\/\/tobrcko.com\/wp-content\/uploads\/2025\/10\/566344750_122232171830168374_6264597556918682623_n-500x360.jpg\" class=\"attachment-post-thumbnail size-post-thumbnail wp-post-image\" alt=\"Tourist Organization of Br\u010dko District BiH at the 29th International Trade Fair in Br\u010dko\" \/><\/a><div class=\"entry-date\"><span class=\"date\">21<\/span><span class=\"month\">Oct<\/span><\/div><\/div>       \r\n         <div class=\"post-one__content\">\r\n            <div class=\"post-one__category\"><span class=\"cat-links\"><a href=\"https:\/\/tobrcko.com\/en\/category\/news\/\" rel=\"category tag\">News<\/a><\/span><\/div>            <div class=\"post-one__content-inner\">\r\n               \r\n               <div class=\"post-one__meta\">\r\n                  <div class=\"clearfix meta-inline post-meta-1\"><span class=\"author vcard\"><i class=\"fas fa-user-circle\"><\/i>TO Br\u010dko distrikta<\/span><\/div>               <\/div> \r\n               <h3 class=\"post-one__title\"><a href=\"https:\/\/tobrcko.com\/en\/tourist-organization-of-brcko-district-bih-at-the-29th-international-trade-fair-in-brcko-2\/\" rel=\"bookmark\">Tourist Organization of Br\u010dko District BiH at the 29th International Trade Fair in Br\u010dko<\/a><\/h3>\r\n               <div class=\"post-one__desc\">The Tourist Organization of Br\u010dko District BiH had the honor to participate as an exhibitor<\/div>               <div class=\"post-one__bottom\">\r\n                  <a class=\"post-one__read-more\" href=\"https:\/\/tobrcko.com\/en\/tourist-organization-of-brcko-district-bih-at-the-29th-international-trade-fair-in-brcko-2\/\">\r\n                    Op\u0161irnije                    <i class=\"fa-solid fa-arrow-right\"><\/i>\r\n                  <\/a>\r\n               <\/div>\r\n            <\/div>\r\n         <\/div>\r\n      <\/div>   \r\n   <\/div>   \r\n<\/article><\/div><div class=\"item-columns\"><article class=\"post-8510 post type-post status-publish format-standard has-post-thumbnail hentry category-news\">\r\n   <div class=\"post post-one__single has-thumbnail\">\r\n      <div class=\"post-one__wrap\">\r\n         <div class=\"post-one__thumbnail\"><a href=\"https:\/\/tobrcko.com\/en\/world-tourism-day-in-the-spirit-of-story-wine-art-and-togetherness-2\/\"><img decoding=\"async\" width=\"500\" height=\"360\" src=\"https:\/\/tobrcko.com\/wp-content\/uploads\/2025\/10\/558180564_122229718256168374_8670497865591382365_n-500x360.jpg\" class=\"attachment-post-thumbnail size-post-thumbnail wp-post-image\" alt=\"World Tourism Day in the Spirit of Story, Wine, Art, and Togetherness\" \/><\/a><div class=\"entry-date\"><span class=\"date\">02<\/span><span class=\"month\">Oct<\/span><\/div><\/div>       \r\n         <div class=\"post-one__content\">\r\n            <div class=\"post-one__category\"><span class=\"cat-links\"><a href=\"https:\/\/tobrcko.com\/en\/category\/news\/\" rel=\"category tag\">News<\/a><\/span><\/div>            <div class=\"post-one__content-inner\">\r\n               \r\n               <div class=\"post-one__meta\">\r\n                  <div class=\"clearfix meta-inline post-meta-1\"><span class=\"author vcard\"><i class=\"fas fa-user-circle\"><\/i>TO Br\u010dko distrikta<\/span><\/div>               <\/div> \r\n               <h3 class=\"post-one__title\"><a href=\"https:\/\/tobrcko.com\/en\/world-tourism-day-in-the-spirit-of-story-wine-art-and-togetherness-2\/\" rel=\"bookmark\">World Tourism Day in the Spirit of Story, Wine, Art, and Togetherness<\/a><\/h3>\r\n               <div class=\"post-one__desc\">Under the slogan \u201cThrough the Region by Wine \u2013 Through Br\u010dko by Story\u201d, the Tourist<\/div>               <div class=\"post-one__bottom\">\r\n                  <a class=\"post-one__read-more\" href=\"https:\/\/tobrcko.com\/en\/world-tourism-day-in-the-spirit-of-story-wine-art-and-togetherness-2\/\">\r\n                    Op\u0161irnije                    <i class=\"fa-solid fa-arrow-right\"><\/i>\r\n                  <\/a>\r\n               <\/div>\r\n            <\/div>\r\n         <\/div>\r\n      <\/div>   \r\n   <\/div>   \r\n<\/article><\/div><div class=\"item-columns\"><article class=\"post-8518 post type-post status-publish format-standard has-post-thumbnail hentry category-news\">\r\n   <div class=\"post post-one__single has-thumbnail\">\r\n      <div class=\"post-one__wrap\">\r\n         <div class=\"post-one__thumbnail\"><a href=\"https:\/\/tobrcko.com\/en\/world-tourism-day-in-the-colors-of-childhood-brcko-2025-2\/\"><img loading=\"lazy\" decoding=\"async\" width=\"500\" height=\"360\" src=\"https:\/\/tobrcko.com\/wp-content\/uploads\/2025\/10\/556612593_122229417716168374_1670666305481253809_n-500x360.jpg\" class=\"attachment-post-thumbnail size-post-thumbnail wp-post-image\" alt=\"World Tourism Day in the Colors of Childhood \u2013 Br\u010dko 2025\" \/><\/a><div class=\"entry-date\"><span class=\"date\">27<\/span><span class=\"month\">Sep<\/span><\/div><\/div>       \r\n         <div class=\"post-one__content\">\r\n            <div class=\"post-one__category\"><span class=\"cat-links\"><a href=\"https:\/\/tobrcko.com\/en\/category\/news\/\" rel=\"category tag\">News<\/a><\/span><\/div>            <div class=\"post-one__content-inner\">\r\n               \r\n               <div class=\"post-one__meta\">\r\n                  <div class=\"clearfix meta-inline post-meta-1\"><span class=\"author vcard\"><i class=\"fas fa-user-circle\"><\/i>TO Br\u010dko distrikta<\/span><\/div>               <\/div> \r\n               <h3 class=\"post-one__title\"><a href=\"https:\/\/tobrcko.com\/en\/world-tourism-day-in-the-colors-of-childhood-brcko-2025-2\/\" rel=\"bookmark\">World Tourism Day in the Colors of Childhood \u2013 Br\u010dko 2025<\/a><\/h3>\r\n               <div class=\"post-one__desc\">On the occasion of World Tourism Day, the Tourist Organization of Br\u010dko District BiH successfully<\/div>               <div class=\"post-one__bottom\">\r\n                  <a class=\"post-one__read-more\" href=\"https:\/\/tobrcko.com\/en\/world-tourism-day-in-the-colors-of-childhood-brcko-2025-2\/\">\r\n                    Op\u0161irnije                    <i class=\"fa-solid fa-arrow-right\"><\/i>\r\n                  <\/a>\r\n               <\/div>\r\n            <\/div>\r\n         <\/div>\r\n      <\/div>   \r\n   <\/div>   \r\n<\/article><\/div><div class=\"item-columns\"><article class=\"post-8525 post type-post status-publish format-standard has-post-thumbnail hentry category-news\">\r\n   <div class=\"post post-one__single has-thumbnail\">\r\n      <div class=\"post-one__wrap\">\r\n         <div class=\"post-one__thumbnail\"><a href=\"https:\/\/tobrcko.com\/en\/the-streets-of-brcko-became-a-stage-street-performers-delighted-citizens-and-the-youngest-visitors-2\/\"><img loading=\"lazy\" decoding=\"async\" width=\"500\" height=\"360\" src=\"https:\/\/tobrcko.com\/wp-content\/uploads\/2025\/10\/553455532_1288340053089805_4069875527210614253_n-500x360.jpg\" class=\"attachment-post-thumbnail size-post-thumbnail wp-post-image\" alt=\"The Streets of Br\u010dko Became a Stage \u2013 Street Performers Delighted Citizens and the Youngest Visitors\" \/><\/a><div class=\"entry-date\"><span class=\"date\">27<\/span><span class=\"month\">Sep<\/span><\/div><\/div>       \r\n         <div class=\"post-one__content\">\r\n            <div class=\"post-one__category\"><span class=\"cat-links\"><a href=\"https:\/\/tobrcko.com\/en\/category\/news\/\" rel=\"category tag\">News<\/a><\/span><\/div>            <div class=\"post-one__content-inner\">\r\n               \r\n               <div class=\"post-one__meta\">\r\n                  <div class=\"clearfix meta-inline post-meta-1\"><span class=\"author vcard\"><i class=\"fas fa-user-circle\"><\/i>TO Br\u010dko distrikta<\/span><\/div>               <\/div> \r\n               <h3 class=\"post-one__title\"><a href=\"https:\/\/tobrcko.com\/en\/the-streets-of-brcko-became-a-stage-street-performers-delighted-citizens-and-the-youngest-visitors-2\/\" rel=\"bookmark\">The Streets of Br\u010dko Became a Stage \u2013 Street Performers Delighted Citizens and the Youngest Visitors<\/a><\/h3>\r\n               <div class=\"post-one__desc\">The streets of Br\u010dko came alive last weekend with joyful energy and colorful performances by<\/div>               <div class=\"post-one__bottom\">\r\n                  <a class=\"post-one__read-more\" href=\"https:\/\/tobrcko.com\/en\/the-streets-of-brcko-became-a-stage-street-performers-delighted-citizens-and-the-youngest-visitors-2\/\">\r\n                    Op\u0161irnije                    <i class=\"fa-solid fa-arrow-right\"><\/i>\r\n                  <\/a>\r\n               <\/div>\r\n            <\/div>\r\n         <\/div>\r\n      <\/div>   \r\n   <\/div>   \r\n<\/article><\/div><div class=\"item-columns\"><article class=\"post-6966 post type-post status-publish format-standard has-post-thumbnail hentry category-event-announcement category-news\">\r\n   <div class=\"post post-one__single has-thumbnail\">\r\n      <div class=\"post-one__wrap\">\r\n         <div class=\"post-one__thumbnail\"><a href=\"https:\/\/tobrcko.com\/en\/the-streets-of-brcko-become-a-stage-street-entertainers-are-coming-for-the-first-time\/\"><img loading=\"lazy\" decoding=\"async\" width=\"500\" height=\"360\" src=\"https:\/\/tobrcko.com\/wp-content\/uploads\/2025\/09\/IMG-834a5a2ff951455934f6ce235601ef40-V-500x360.jpg\" class=\"attachment-post-thumbnail size-post-thumbnail wp-post-image\" alt=\"The streets of Br\u010dko become a stage &#8211; street entertainers are coming for the first time!\" \/><\/a><div class=\"entry-date\"><span class=\"date\">19<\/span><span class=\"month\">Sep<\/span><\/div><\/div>       \r\n         <div class=\"post-one__content\">\r\n            <div class=\"post-one__category\"><span class=\"cat-links\"><a href=\"https:\/\/tobrcko.com\/en\/category\/news\/event-announcement\/\" rel=\"category tag\">Event announcement<\/a>, <a href=\"https:\/\/tobrcko.com\/en\/category\/news\/\" rel=\"category tag\">News<\/a><\/span><\/div>            <div class=\"post-one__content-inner\">\r\n               \r\n               <div class=\"post-one__meta\">\r\n                  <div class=\"clearfix meta-inline post-meta-1\"><span class=\"author vcard\"><i class=\"fas fa-user-circle\"><\/i>TO Br\u010dko distrikta<\/span><\/div>               <\/div> \r\n               <h3 class=\"post-one__title\"><a href=\"https:\/\/tobrcko.com\/en\/the-streets-of-brcko-become-a-stage-street-entertainers-are-coming-for-the-first-time\/\" rel=\"bookmark\">The streets of Br\u010dko become a stage &#8211; street entertainers are coming for the first time!<\/a><\/h3>\r\n               <div class=\"post-one__desc\">The Tourism Organization of the Br\u010dko District of Bosnia and Herzegovina is proud to announce<\/div>               <div class=\"post-one__bottom\">\r\n                  <a class=\"post-one__read-more\" href=\"https:\/\/tobrcko.com\/en\/the-streets-of-brcko-become-a-stage-street-entertainers-are-coming-for-the-first-time\/\">\r\n                    Op\u0161irnije                    <i class=\"fa-solid fa-arrow-right\"><\/i>\r\n                  <\/a>\r\n               <\/div>\r\n            <\/div>\r\n         <\/div>\r\n      <\/div>   \r\n   <\/div>   \r\n<\/article><\/div><div class=\"item-columns\"><article class=\"post-6942 post type-post status-publish format-standard has-post-thumbnail hentry category-event-announcement category-news\">\r\n   <div class=\"post post-one__single has-thumbnail\">\r\n      <div class=\"post-one__wrap\">\r\n         <div class=\"post-one__thumbnail\"><a href=\"https:\/\/tobrcko.com\/en\/world-tourism-day-in-brcko-%f0%9f%8e%89\/\"><img loading=\"lazy\" decoding=\"async\" width=\"500\" height=\"360\" src=\"https:\/\/tobrcko.com\/wp-content\/uploads\/2025\/09\/IMG-0e797e840b9f670e0c2268b55500fb23-V-500x360.jpg\" class=\"attachment-post-thumbnail size-post-thumbnail wp-post-image\" alt=\"WORLD TOURISM DAY IN BRCKO \ud83c\udf89\" \/><\/a><div class=\"entry-date\"><span class=\"date\">19<\/span><span class=\"month\">Sep<\/span><\/div><\/div>       \r\n         <div class=\"post-one__content\">\r\n            <div class=\"post-one__category\"><span class=\"cat-links\"><a href=\"https:\/\/tobrcko.com\/en\/category\/news\/event-announcement\/\" rel=\"category tag\">Event announcement<\/a>, <a href=\"https:\/\/tobrcko.com\/en\/category\/news\/\" rel=\"category tag\">News<\/a><\/span><\/div>            <div class=\"post-one__content-inner\">\r\n               \r\n               <div class=\"post-one__meta\">\r\n                  <div class=\"clearfix meta-inline post-meta-1\"><span class=\"author vcard\"><i class=\"fas fa-user-circle\"><\/i>TO Br\u010dko distrikta<\/span><\/div>               <\/div> \r\n               <h3 class=\"post-one__title\"><a href=\"https:\/\/tobrcko.com\/en\/world-tourism-day-in-brcko-%f0%9f%8e%89\/\" rel=\"bookmark\">WORLD TOURISM DAY IN BRCKO \ud83c\udf89<\/a><\/h3>\r\n               <div class=\"post-one__desc\">\ud83d\udcc5 September 25, 2025\ud83d\udd53 16:00 \u2013 19:00\ud83d\udccd City Park, Br\u010dko\ud83d\udd16 &#8220;Br\u010dko in the colors of<\/div>               <div class=\"post-one__bottom\">\r\n                  <a class=\"post-one__read-more\" href=\"https:\/\/tobrcko.com\/en\/world-tourism-day-in-brcko-%f0%9f%8e%89\/\">\r\n                    Op\u0161irnije                    <i class=\"fa-solid fa-arrow-right\"><\/i>\r\n                  <\/a>\r\n               <\/div>\r\n            <\/div>\r\n         <\/div>\r\n      <\/div>   \r\n   <\/div>   \r\n<\/article><\/div><div class=\"item-columns\"><article class=\"post-8481 post type-post status-publish format-standard has-post-thumbnail hentry category-news\">\r\n   <div class=\"post post-one__single has-thumbnail\">\r\n      <div class=\"post-one__wrap\">\r\n         <div class=\"post-one__thumbnail\"><a href=\"https:\/\/tobrcko.com\/en\/flavors-of-brcko-a-blend-of-gastronomy-togetherness-and-tradition\/\"><img loading=\"lazy\" decoding=\"async\" width=\"500\" height=\"360\" src=\"https:\/\/tobrcko.com\/wp-content\/uploads\/2025\/10\/539843960_122225676554168374_1891524488484668145_n-500x360.jpg\" class=\"attachment-post-thumbnail size-post-thumbnail wp-post-image\" alt=\"Flavors of Br\u010dko \u2013 A Blend of Gastronomy, Togetherness, and Tradition\" \/><\/a><div class=\"entry-date\"><span class=\"date\">29<\/span><span class=\"month\">Aug<\/span><\/div><\/div>       \r\n         <div class=\"post-one__content\">\r\n            <div class=\"post-one__category\"><span class=\"cat-links\"><a href=\"https:\/\/tobrcko.com\/en\/category\/news\/\" rel=\"category tag\">News<\/a><\/span><\/div>            <div class=\"post-one__content-inner\">\r\n               \r\n               <div class=\"post-one__meta\">\r\n                  <div class=\"clearfix meta-inline post-meta-1\"><span class=\"author vcard\"><i class=\"fas fa-user-circle\"><\/i>TO Brcko<\/span><\/div>               <\/div> \r\n               <h3 class=\"post-one__title\"><a href=\"https:\/\/tobrcko.com\/en\/flavors-of-brcko-a-blend-of-gastronomy-togetherness-and-tradition\/\" rel=\"bookmark\">Flavors of Br\u010dko \u2013 A Blend of Gastronomy, Togetherness, and Tradition<\/a><\/h3>\r\n               <div class=\"post-one__desc\">The manifestation \u201cBr\u010dko Summer \u2013 The Sava Blossom\u201d concluded with the scents, tastes, and spirit<\/div>               <div class=\"post-one__bottom\">\r\n                  <a class=\"post-one__read-more\" href=\"https:\/\/tobrcko.com\/en\/flavors-of-brcko-a-blend-of-gastronomy-togetherness-and-tradition\/\">\r\n                    Op\u0161irnije                    <i class=\"fa-solid fa-arrow-right\"><\/i>\r\n                  <\/a>\r\n               <\/div>\r\n            <\/div>\r\n         <\/div>\r\n      <\/div>   \r\n   <\/div>   \r\n<\/article><\/div><div class=\"item-columns\"><article class=\"post-6763 post type-post status-publish format-standard has-post-thumbnail hentry category-news\">\r\n   <div class=\"post post-one__single has-thumbnail\">\r\n      <div class=\"post-one__wrap\">\r\n         <div class=\"post-one__thumbnail\"><a href=\"https:\/\/tobrcko.com\/en\/the-photo-contest-photography-through-brcko-has-ended\/\"><img loading=\"lazy\" decoding=\"async\" width=\"500\" height=\"360\" src=\"https:\/\/tobrcko.com\/wp-content\/uploads\/2025\/07\/fotokonkurs-zavrsen-500x360.jpg\" class=\"attachment-post-thumbnail size-post-thumbnail wp-post-image\" alt=\"The photo contest &#8220;PHOTOGRAPHY THROUGH BR\u010cKO&#8221; has ended\" \/><\/a><div class=\"entry-date\"><span class=\"date\">07<\/span><span class=\"month\">Jul<\/span><\/div><\/div>       \r\n         <div class=\"post-one__content\">\r\n            <div class=\"post-one__category\"><span class=\"cat-links\"><a href=\"https:\/\/tobrcko.com\/en\/category\/news\/\" rel=\"category tag\">News<\/a><\/span><\/div>            <div class=\"post-one__content-inner\">\r\n               \r\n               <div class=\"post-one__meta\">\r\n                  <div class=\"clearfix meta-inline post-meta-1\"><span class=\"author vcard\"><i class=\"fas fa-user-circle\"><\/i>TO Br\u010dko distrikta<\/span><\/div>               <\/div> \r\n               <h3 class=\"post-one__title\"><a href=\"https:\/\/tobrcko.com\/en\/the-photo-contest-photography-through-brcko-has-ended\/\" rel=\"bookmark\">The photo contest &#8220;PHOTOGRAPHY THROUGH BR\u010cKO&#8221; has ended<\/a><\/h3>\r\n               <div class=\"post-one__desc\">The Tourist Organization of the Br\u010dko District of BiH extends its gratitude to everyone who<\/div>               <div class=\"post-one__bottom\">\r\n                  <a class=\"post-one__read-more\" href=\"https:\/\/tobrcko.com\/en\/the-photo-contest-photography-through-brcko-has-ended\/\">\r\n                    Op\u0161irnije                    <i class=\"fa-solid fa-arrow-right\"><\/i>\r\n                  <\/a>\r\n               <\/div>\r\n            <\/div>\r\n         <\/div>\r\n      <\/div>   \r\n   <\/div>   \r\n<\/article><\/div><div class=\"item-columns\"><article class=\"post-5974 post type-post status-publish format-standard has-post-thumbnail hentry category-news\">\r\n   <div class=\"post post-one__single has-thumbnail\">\r\n      <div class=\"post-one__wrap\">\r\n         <div class=\"post-one__thumbnail\"><a href=\"https:\/\/tobrcko.com\/en\/brcko-district-presented-its-tourism-potential-at-the-list-2025-fair\/\"><img loading=\"lazy\" decoding=\"async\" width=\"500\" height=\"360\" src=\"https:\/\/tobrcko.com\/wp-content\/uploads\/2025\/05\/viber_image_2025-05-16_13-31-15-677-500x360.jpg\" class=\"attachment-post-thumbnail size-post-thumbnail wp-post-image\" alt=\"Br\u010dko District presented its tourism potential at the &#8216;LIST 2025&#8217; Fair\" \/><\/a><div class=\"entry-date\"><span class=\"date\">14<\/span><span class=\"month\">May<\/span><\/div><\/div>       \r\n         <div class=\"post-one__content\">\r\n            <div class=\"post-one__category\"><span class=\"cat-links\"><a href=\"https:\/\/tobrcko.com\/en\/category\/news\/\" rel=\"category tag\">News<\/a><\/span><\/div>            <div class=\"post-one__content-inner\">\r\n               \r\n               <div class=\"post-one__meta\">\r\n                  <div class=\"clearfix meta-inline post-meta-1\"><span class=\"author vcard\"><i class=\"fas fa-user-circle\"><\/i>TO Br\u010dko distrikta<\/span><\/div>               <\/div> \r\n               <h3 class=\"post-one__title\"><a href=\"https:\/\/tobrcko.com\/en\/brcko-district-presented-its-tourism-potential-at-the-list-2025-fair\/\" rel=\"bookmark\">Br\u010dko District presented its tourism potential at the &#8216;LIST 2025&#8217; Fair<\/a><\/h3>\r\n               <div class=\"post-one__desc\">The tourist organization of the Br\u010dko District of Bosnia and Herzegovina participated in the 23.<\/div>               <div class=\"post-one__bottom\">\r\n                  <a class=\"post-one__read-more\" href=\"https:\/\/tobrcko.com\/en\/brcko-district-presented-its-tourism-potential-at-the-list-2025-fair\/\">\r\n                    Op\u0161irnije                    <i class=\"fa-solid fa-arrow-right\"><\/i>\r\n                  <\/a>\r\n               <\/div>\r\n            <\/div>\r\n         <\/div>\r\n      <\/div>   \r\n   <\/div>   \r\n<\/article><\/div><div class=\"item-columns\"><article class=\"post-5938 post type-post status-publish format-standard has-post-thumbnail hentry category-news\">\r\n   <div class=\"post post-one__single has-thumbnail\">\r\n      <div class=\"post-one__wrap\">\r\n         <div class=\"post-one__thumbnail\"><a href=\"https:\/\/tobrcko.com\/en\/luxury-river-cruiser-mona-lisa-docks-for-the-first-time-at-brcko-port\/\"><img loading=\"lazy\" decoding=\"async\" width=\"500\" height=\"360\" src=\"https:\/\/tobrcko.com\/wp-content\/uploads\/2025\/04\/kruzer-2-500x360.jpg\" class=\"attachment-post-thumbnail size-post-thumbnail wp-post-image\" alt=\"Luxury River Cruiser Mona Lisa Docks for the First Time at Br\u010dko Port\" \/><\/a><div class=\"entry-date\"><span class=\"date\">29<\/span><span class=\"month\">Apr<\/span><\/div><\/div>       \r\n         <div class=\"post-one__content\">\r\n            <div class=\"post-one__category\"><span class=\"cat-links\"><a href=\"https:\/\/tobrcko.com\/en\/category\/news\/\" rel=\"category tag\">News<\/a><\/span><\/div>            <div class=\"post-one__content-inner\">\r\n               \r\n               <div class=\"post-one__meta\">\r\n                  <div class=\"clearfix meta-inline post-meta-1\"><span class=\"author vcard\"><i class=\"fas fa-user-circle\"><\/i>TO Br\u010dko distrikta<\/span><\/div>               <\/div> \r\n               <h3 class=\"post-one__title\"><a href=\"https:\/\/tobrcko.com\/en\/luxury-river-cruiser-mona-lisa-docks-for-the-first-time-at-brcko-port\/\" rel=\"bookmark\">Luxury River Cruiser Mona Lisa Docks for the First Time at Br\u010dko Port<\/a><\/h3>\r\n               <div class=\"post-one__desc\">Last night, the luxurious French river cruiser Mona Lisa docked for the first time at<\/div>               <div class=\"post-one__bottom\">\r\n                  <a class=\"post-one__read-more\" href=\"https:\/\/tobrcko.com\/en\/luxury-river-cruiser-mona-lisa-docks-for-the-first-time-at-brcko-port\/\">\r\n                    Op\u0161irnije                    <i class=\"fa-solid fa-arrow-right\"><\/i>\r\n                  <\/a>\r\n               <\/div>\r\n            <\/div>\r\n         <\/div>\r\n      <\/div>   \r\n   <\/div>   \r\n<\/article><\/div><div class=\"item-columns\"><article class=\"post-5845 post type-post status-publish format-standard has-post-thumbnail hentry category-news\">\r\n   <div class=\"post post-one__single has-thumbnail\">\r\n      <div class=\"post-one__wrap\">\r\n         <div class=\"post-one__thumbnail\"><a href=\"https:\/\/tobrcko.com\/en\/participation-in-the-12th-international-tourism-fair-in-zagreb\/\"><img loading=\"lazy\" decoding=\"async\" width=\"500\" height=\"360\" src=\"https:\/\/tobrcko.com\/wp-content\/uploads\/2025\/04\/viber_image_2025-04-02_11-15-33-882-500x360.jpg\" class=\"attachment-post-thumbnail size-post-thumbnail wp-post-image\" alt=\"Participation at the 12th International Tourism Fair in Zagreb\" \/><\/a><div class=\"entry-date\"><span class=\"date\">02<\/span><span class=\"month\">Apr<\/span><\/div><\/div>       \r\n         <div class=\"post-one__content\">\r\n            <div class=\"post-one__category\"><span class=\"cat-links\"><a href=\"https:\/\/tobrcko.com\/en\/category\/news\/\" rel=\"category tag\">News<\/a><\/span><\/div>            <div class=\"post-one__content-inner\">\r\n               \r\n               <div class=\"post-one__meta\">\r\n                  <div class=\"clearfix meta-inline post-meta-1\"><span class=\"author vcard\"><i class=\"fas fa-user-circle\"><\/i>TO Br\u010dko distrikta<\/span><\/div>               <\/div> \r\n               <h3 class=\"post-one__title\"><a href=\"https:\/\/tobrcko.com\/en\/participation-in-the-12th-international-tourism-fair-in-zagreb\/\" rel=\"bookmark\">Participation at the 12th International Tourism Fair in Zagreb<\/a><\/h3>\r\n               <div class=\"post-one__desc\">The Tourist Organization of the Br\u010dko District of BiH participated in the 12th International Tourism<\/div>               <div class=\"post-one__bottom\">\r\n                  <a class=\"post-one__read-more\" href=\"https:\/\/tobrcko.com\/en\/participation-in-the-12th-international-tourism-fair-in-zagreb\/\">\r\n                    Op\u0161irnije                    <i class=\"fa-solid fa-arrow-right\"><\/i>\r\n                  <\/a>\r\n               <\/div>\r\n            <\/div>\r\n         <\/div>\r\n      <\/div>   \r\n   <\/div>   \r\n<\/article><\/div>\t\t  <\/div>\r\n\t\t<\/div>\r\n\t\t\t\t\t <div class=\"pagination\">\r\n\t\t\t\t  <div class=\"column one pager_wrapper\"><div class=\"pager\"><div class=\"paginations\"><a href=\"https:\/\/tobrcko.com\/en\/wp-json\/wp\/v2\/pages\/3297\/\" class=\"page-item active\">1<\/a><a href=\"https:\/\/tobrcko.com\/en\/wp-json\/wp\/v2\/pages\/3297\/page\/2\/\" class=\"page-item\">2<\/a><a class=\"next_page\" href=\"https:\/\/tobrcko.com\/en\/wp-json\/wp\/v2\/pages\/3297\/page\/2\/\"><i class=\"fas fa-chevron-right\"><\/i><\/a><\/div><\/div><\/div>\n\t\t\t <\/div>\r\n\t\t  <\/div>\r\n  <\/div>\t\t\t\t<\/div>\n\t\t\t\t<\/div>\n\t\t\t\t\t<\/div>\n\t\t<\/div>\n\t\t\t\t\t<\/div>\n\t\t<\/section>\n\t\t\t\t<\/div>\n\t\t","protected":false},"excerpt":{"rendered":"<p>4. novembra 2023. planiran seminar iz oblasti marketinga u turizmu Home 19sep Najava doga\u0111aja, Novosti TO Br\u010dko distrikta Ulice Br\u010dkog postaju pozornica \u2013 po prvi put dolaze uli\u010dni zabavlja\u010di! Turisti\u010dka [&hellip;]<\/p>\n","protected":false},"author":1,"featured_media":0,"parent":0,"menu_order":0,"comment_status":"closed","ping_status":"closed","template":"","meta":{"footnotes":""},"class_list":["post-3297","page","type-page","status-publish","hentry"],"_links":{"self":[{"href":"https:\/\/tobrcko.com\/en\/wp-json\/wp\/v2\/pages\/3297","targetHints":{"allow":["GET"]}}],"collection":[{"href":"https:\/\/tobrcko.com\/en\/wp-json\/wp\/v2\/pages"}],"about":[{"href":"https:\/\/tobrcko.com\/en\/wp-json\/wp\/v2\/types\/page"}],"author":[{"embeddable":true,"href":"https:\/\/tobrcko.com\/en\/wp-json\/wp\/v2\/users\/1"}],"replies":[{"embeddable":true,"href":"https:\/\/tobrcko.com\/en\/wp-json\/wp\/v2\/comments?post=3297"}],"version-history":[{"count":4,"href":"https:\/\/tobrcko.com\/en\/wp-json\/wp\/v2\/pages\/3297\/revisions"}],"predecessor-version":[{"id":7810,"href":"https:\/\/tobrcko.com\/en\/wp-json\/wp\/v2\/pages\/3297\/revisions\/7810"}],"wp:attachment":[{"href":"https:\/\/tobrcko.com\/en\/wp-json\/wp\/v2\/media?parent=3297"}],"curies":[{"name":"wp","href":"https:\/\/api.w.org\/{rel}","templated":true}]}}